{"id":6991,"date":"2022-04-25T11:00:28","date_gmt":"2022-04-25T09:00:28","guid":{"rendered":"https:\/\/www.oliogeraci.it\/prodotto\/natives-olivenol-extra-nocellara-del-belice-geraci-dose-010-l\/"},"modified":"2024-05-21T12:59:49","modified_gmt":"2024-05-21T10:59:49","slug":"natives-olivenol-extra-nocellara-del-belice-geraci-dose-010-l-de","status":"publish","type":"product","link":"https:\/\/www.oliogeraci.it\/de\/prodotto\/natives-olivenol-extra-nocellara-del-belice-geraci-dose-010-l-de\/","title":{"rendered":"Natives Oliven\u00f6l extra &#8211; Nocellara del Bel\u00ecce &#8211; Geraci &#8211; Dose 0,10 L"},"content":{"rendered":"","protected":false},"excerpt":{"rendered":"<p>Natives Oliven\u00f6l extra aus der Sorte Nocellara del Bel\u00ecce, die im Gebiet von Trapani (Valle del Bel\u00ecce &#8211; Partanna) beheimatet ist.<\/p>\n<p>Die Oliven werden von Hand gepfl\u00fcckt, kalt extrahiert und unter Stickstoff in Stahlsilos bei einer konstanten Temperatur von 15-18\u00b0C gelagert.<\/p>\n<p>Der Geschmack ist mittelfruchtig nach gr\u00fcnen Oliven, mittelw\u00fcrzig und leicht bitter, mit Noten von Artischocke, Bl\u00e4ttern, Gras und Tomate.<\/p>\n<p>Roh passt er zu Suppen, K\u00e4se, H\u00fclsenfr\u00fcchten, Fleisch, Fisch und Salaten. In der K\u00fcche kann er zu Braten oder bei der Zubereitung von So\u00dfen, gebackenem Fisch und Pinzimonio verwendet werden.<\/p>\n","protected":false},"featured_media":10718,"comment_status":"open","ping_status":"closed","template":"","meta":{"_acf_changed":false,"inline_featured_image":false},"product_brand":[],"product_cat":[318,331,323],"product_tag":[],"class_list":{"0":"post-6991","1":"product","2":"type-product","3":"status-publish","4":"has-post-thumbnail","6":"product_cat-geraci-linie","7":"product_cat-monokultivar-nocellara-del-belice","8":"product_cat-ol","9":"pa_confezione-dose-010-l","10":"pa_linea-geraci-de","12":"first","13":"instock","14":"taxable","15":"shipping-taxable","16":"purchasable","17":"product-type-variable","18":"has-default-attributes","19":"thumb-no-effect","20":"prod-rating-on","21":"prod-has-rating"},"acf":[],"yoast_head":"<!-- This site is optimized with the Yoast SEO plugin v27.2 - https:\/\/yoast.com\/product\/yoast-seo-wordpress\/ -->\n<title>Natives Oliven\u00f6l extra - Nocellara del Bel\u00ecce - Geraci - Dose 0,10 L | Olio Geraci<\/title>\n<meta name=\"robots\" content=\"index, follow, max-snippet:-1, max-image-preview:large, max-video-preview:-1\" \/>\n<link rel=\"canonical\" href=\"https:\/\/www.oliogeraci.it\/de\/prodotto\/natives-olivenol-extra-nocellara-del-belice-geraci-dose-010-l-de\/\" \/>\n<meta property=\"og:locale\" content=\"de_DE\" \/>\n<meta property=\"og:type\" content=\"article\" \/>\n<meta property=\"og:title\" content=\"Natives Oliven\u00f6l extra - Nocellara del Bel\u00ecce - Geraci - Dose 0,10 L | Olio Geraci\" \/>\n<meta property=\"og:description\" content=\"Natives Oliven\u00f6l extra aus der Sorte Nocellara del Bel\u00ecce, die im Gebiet von Trapani (Valle del Bel\u00ecce - Partanna) beheimatet ist. Die Oliven werden von Hand gepfl\u00fcckt, kalt extrahiert und unter Stickstoff in Stahlsilos bei einer konstanten Temperatur von 15-18\u00b0C gelagert. Der Geschmack ist mittelfruchtig nach gr\u00fcnen Oliven, mittelw\u00fcrzig und leicht bitter, mit Noten von Artischocke, Bl\u00e4ttern, Gras und Tomate. Roh passt er zu Suppen, K\u00e4se, H\u00fclsenfr\u00fcchten, Fleisch, Fisch und Salaten. In der K\u00fcche kann er zu Braten oder bei der Zubereitung von So\u00dfen, gebackenem Fisch und Pinzimonio verwendet werden.\" \/>\n<meta property=\"og:url\" content=\"https:\/\/www.oliogeraci.it\/de\/prodotto\/natives-olivenol-extra-nocellara-del-belice-geraci-dose-010-l-de\/\" \/>\n<meta property=\"og:site_name\" content=\"Olio Geraci\" \/>\n<meta property=\"article:publisher\" content=\"https:\/\/www.facebook.com\/OlioGeraci\/\" \/>\n<meta property=\"article:modified_time\" content=\"2024-05-21T10:59:49+00:00\" \/>\n<meta property=\"og:image\" content=\"https:\/\/www.oliogeraci.it\/wp-content\/uploads\/2022\/03\/olio_evo-nocellara-lattina10_geraci.jpg\" \/>\n\t<meta property=\"og:image:width\" content=\"2083\" \/>\n\t<meta property=\"og:image:height\" content=\"2083\" \/>\n\t<meta property=\"og:image:type\" content=\"image\/jpeg\" \/>\n<meta name=\"twitter:card\" content=\"summary_large_image\" \/>\n<script type=\"application\/ld+json\" class=\"yoast-schema-graph\">{\"@context\":\"https:\/\/schema.org\",\"@graph\":[{\"@type\":\"WebPage\",\"@id\":\"https:\/\/www.oliogeraci.it\/de\/prodotto\/natives-olivenol-extra-nocellara-del-belice-geraci-dose-010-l-de\/\",\"url\":\"https:\/\/www.oliogeraci.it\/de\/prodotto\/natives-olivenol-extra-nocellara-del-belice-geraci-dose-010-l-de\/\",\"name\":\"Natives Oliven\u00f6l extra - Nocellara del Bel\u00ecce - Geraci - Dose 0,10 L | Olio Geraci\",\"isPartOf\":{\"@id\":\"https:\/\/www.oliogeraci.it\/de\/#website\"},\"primaryImageOfPage\":{\"@id\":\"https:\/\/www.oliogeraci.it\/de\/prodotto\/natives-olivenol-extra-nocellara-del-belice-geraci-dose-010-l-de\/#primaryimage\"},\"image\":{\"@id\":\"https:\/\/www.oliogeraci.it\/de\/prodotto\/natives-olivenol-extra-nocellara-del-belice-geraci-dose-010-l-de\/#primaryimage\"},\"thumbnailUrl\":\"https:\/\/www.oliogeraci.it\/wp-content\/uploads\/2022\/04\/EVO-Nocellara-latta-01l-GERACI.jpg\",\"datePublished\":\"2022-04-25T09:00:28+00:00\",\"dateModified\":\"2024-05-21T10:59:49+00:00\",\"breadcrumb\":{\"@id\":\"https:\/\/www.oliogeraci.it\/de\/prodotto\/natives-olivenol-extra-nocellara-del-belice-geraci-dose-010-l-de\/#breadcrumb\"},\"inLanguage\":\"de\",\"potentialAction\":[{\"@type\":\"ReadAction\",\"target\":[\"https:\/\/www.oliogeraci.it\/de\/prodotto\/natives-olivenol-extra-nocellara-del-belice-geraci-dose-010-l-de\/\"]}]},{\"@type\":\"ImageObject\",\"inLanguage\":\"de\",\"@id\":\"https:\/\/www.oliogeraci.it\/de\/prodotto\/natives-olivenol-extra-nocellara-del-belice-geraci-dose-010-l-de\/#primaryimage\",\"url\":\"https:\/\/www.oliogeraci.it\/wp-content\/uploads\/2022\/04\/EVO-Nocellara-latta-01l-GERACI.jpg\",\"contentUrl\":\"https:\/\/www.oliogeraci.it\/wp-content\/uploads\/2022\/04\/EVO-Nocellara-latta-01l-GERACI.jpg\",\"width\":2000,\"height\":2000},{\"@type\":\"BreadcrumbList\",\"@id\":\"https:\/\/www.oliogeraci.it\/de\/prodotto\/natives-olivenol-extra-nocellara-del-belice-geraci-dose-010-l-de\/#breadcrumb\",\"itemListElement\":[{\"@type\":\"ListItem\",\"position\":1,\"name\":\"Home\",\"item\":\"https:\/\/www.oliogeraci.it\/de\/\"},{\"@type\":\"ListItem\",\"position\":2,\"name\":\"Shop\",\"item\":\"https:\/\/www.oliogeraci.it\/de\/shop-de\/\"},{\"@type\":\"ListItem\",\"position\":3,\"name\":\"Natives Oliven\u00f6l extra &#8211; Nocellara del Bel\u00ecce &#8211; Geraci &#8211; Dose 0,10 L\"}]},{\"@type\":\"WebSite\",\"@id\":\"https:\/\/www.oliogeraci.it\/de\/#website\",\"url\":\"https:\/\/www.oliogeraci.it\/de\/\",\"name\":\"Olio Geraci\",\"description\":\"Olio Extravergine di Oliva dal 1925\",\"publisher\":{\"@id\":\"https:\/\/www.oliogeraci.it\/de\/#organization\"},\"potentialAction\":[{\"@type\":\"SearchAction\",\"target\":{\"@type\":\"EntryPoint\",\"urlTemplate\":\"https:\/\/www.oliogeraci.it\/de\/?s={search_term_string}\"},\"query-input\":{\"@type\":\"PropertyValueSpecification\",\"valueRequired\":true,\"valueName\":\"search_term_string\"}}],\"inLanguage\":\"de\"},{\"@type\":\"Organization\",\"@id\":\"https:\/\/www.oliogeraci.it\/de\/#organization\",\"name\":\"Olio Geraci\",\"url\":\"https:\/\/www.oliogeraci.it\/de\/\",\"logo\":{\"@type\":\"ImageObject\",\"inLanguage\":\"de\",\"@id\":\"https:\/\/www.oliogeraci.it\/de\/#\/schema\/logo\/image\/\",\"url\":\"https:\/\/www.oliogeraci.it\/wp-content\/uploads\/2022\/04\/logo_geraci.svg\",\"contentUrl\":\"https:\/\/www.oliogeraci.it\/wp-content\/uploads\/2022\/04\/logo_geraci.svg\",\"width\":\"1024\",\"height\":\"1024\",\"caption\":\"Olio Geraci\"},\"image\":{\"@id\":\"https:\/\/www.oliogeraci.it\/de\/#\/schema\/logo\/image\/\"},\"sameAs\":[\"https:\/\/www.facebook.com\/OlioGeraci\/\",\"https:\/\/www.instagram.com\/oliogeraci\/\"]}]}<\/script>\n<!-- \/ Yoast SEO plugin. -->","yoast_head_json":{"title":"Natives Oliven\u00f6l extra - Nocellara del Bel\u00ecce - Geraci - Dose 0,10 L | Olio Geraci","robots":{"index":"index","follow":"follow","max-snippet":"max-snippet:-1","max-image-preview":"max-image-preview:large","max-video-preview":"max-video-preview:-1"},"canonical":"https:\/\/www.oliogeraci.it\/de\/prodotto\/natives-olivenol-extra-nocellara-del-belice-geraci-dose-010-l-de\/","og_locale":"de_DE","og_type":"article","og_title":"Natives Oliven\u00f6l extra - Nocellara del Bel\u00ecce - Geraci - Dose 0,10 L | Olio Geraci","og_description":"Natives Oliven\u00f6l extra aus der Sorte Nocellara del Bel\u00ecce, die im Gebiet von Trapani (Valle del Bel\u00ecce - Partanna) beheimatet ist. Die Oliven werden von Hand gepfl\u00fcckt, kalt extrahiert und unter Stickstoff in Stahlsilos bei einer konstanten Temperatur von 15-18\u00b0C gelagert. Der Geschmack ist mittelfruchtig nach gr\u00fcnen Oliven, mittelw\u00fcrzig und leicht bitter, mit Noten von Artischocke, Bl\u00e4ttern, Gras und Tomate. Roh passt er zu Suppen, K\u00e4se, H\u00fclsenfr\u00fcchten, Fleisch, Fisch und Salaten. In der K\u00fcche kann er zu Braten oder bei der Zubereitung von So\u00dfen, gebackenem Fisch und Pinzimonio verwendet werden.","og_url":"https:\/\/www.oliogeraci.it\/de\/prodotto\/natives-olivenol-extra-nocellara-del-belice-geraci-dose-010-l-de\/","og_site_name":"Olio Geraci","article_publisher":"https:\/\/www.facebook.com\/OlioGeraci\/","article_modified_time":"2024-05-21T10:59:49+00:00","og_image":[{"width":2083,"height":2083,"url":"https:\/\/www.oliogeraci.it\/wp-content\/uploads\/2022\/03\/olio_evo-nocellara-lattina10_geraci.jpg","type":"image\/jpeg"}],"twitter_card":"summary_large_image","schema":{"@context":"https:\/\/schema.org","@graph":[{"@type":"WebPage","@id":"https:\/\/www.oliogeraci.it\/de\/prodotto\/natives-olivenol-extra-nocellara-del-belice-geraci-dose-010-l-de\/","url":"https:\/\/www.oliogeraci.it\/de\/prodotto\/natives-olivenol-extra-nocellara-del-belice-geraci-dose-010-l-de\/","name":"Natives Oliven\u00f6l extra - Nocellara del Bel\u00ecce - Geraci - Dose 0,10 L | Olio Geraci","isPartOf":{"@id":"https:\/\/www.oliogeraci.it\/de\/#website"},"primaryImageOfPage":{"@id":"https:\/\/www.oliogeraci.it\/de\/prodotto\/natives-olivenol-extra-nocellara-del-belice-geraci-dose-010-l-de\/#primaryimage"},"image":{"@id":"https:\/\/www.oliogeraci.it\/de\/prodotto\/natives-olivenol-extra-nocellara-del-belice-geraci-dose-010-l-de\/#primaryimage"},"thumbnailUrl":"https:\/\/www.oliogeraci.it\/wp-content\/uploads\/2022\/04\/EVO-Nocellara-latta-01l-GERACI.jpg","datePublished":"2022-04-25T09:00:28+00:00","dateModified":"2024-05-21T10:59:49+00:00","breadcrumb":{"@id":"https:\/\/www.oliogeraci.it\/de\/prodotto\/natives-olivenol-extra-nocellara-del-belice-geraci-dose-010-l-de\/#breadcrumb"},"inLanguage":"de","potentialAction":[{"@type":"ReadAction","target":["https:\/\/www.oliogeraci.it\/de\/prodotto\/natives-olivenol-extra-nocellara-del-belice-geraci-dose-010-l-de\/"]}]},{"@type":"ImageObject","inLanguage":"de","@id":"https:\/\/www.oliogeraci.it\/de\/prodotto\/natives-olivenol-extra-nocellara-del-belice-geraci-dose-010-l-de\/#primaryimage","url":"https:\/\/www.oliogeraci.it\/wp-content\/uploads\/2022\/04\/EVO-Nocellara-latta-01l-GERACI.jpg","contentUrl":"https:\/\/www.oliogeraci.it\/wp-content\/uploads\/2022\/04\/EVO-Nocellara-latta-01l-GERACI.jpg","width":2000,"height":2000},{"@type":"BreadcrumbList","@id":"https:\/\/www.oliogeraci.it\/de\/prodotto\/natives-olivenol-extra-nocellara-del-belice-geraci-dose-010-l-de\/#breadcrumb","itemListElement":[{"@type":"ListItem","position":1,"name":"Home","item":"https:\/\/www.oliogeraci.it\/de\/"},{"@type":"ListItem","position":2,"name":"Shop","item":"https:\/\/www.oliogeraci.it\/de\/shop-de\/"},{"@type":"ListItem","position":3,"name":"Natives Oliven\u00f6l extra &#8211; Nocellara del Bel\u00ecce &#8211; Geraci &#8211; Dose 0,10 L"}]},{"@type":"WebSite","@id":"https:\/\/www.oliogeraci.it\/de\/#website","url":"https:\/\/www.oliogeraci.it\/de\/","name":"Olio Geraci","description":"Olio Extravergine di Oliva dal 1925","publisher":{"@id":"https:\/\/www.oliogeraci.it\/de\/#organization"},"potentialAction":[{"@type":"SearchAction","target":{"@type":"EntryPoint","urlTemplate":"https:\/\/www.oliogeraci.it\/de\/?s={search_term_string}"},"query-input":{"@type":"PropertyValueSpecification","valueRequired":true,"valueName":"search_term_string"}}],"inLanguage":"de"},{"@type":"Organization","@id":"https:\/\/www.oliogeraci.it\/de\/#organization","name":"Olio Geraci","url":"https:\/\/www.oliogeraci.it\/de\/","logo":{"@type":"ImageObject","inLanguage":"de","@id":"https:\/\/www.oliogeraci.it\/de\/#\/schema\/logo\/image\/","url":"https:\/\/www.oliogeraci.it\/wp-content\/uploads\/2022\/04\/logo_geraci.svg","contentUrl":"https:\/\/www.oliogeraci.it\/wp-content\/uploads\/2022\/04\/logo_geraci.svg","width":"1024","height":"1024","caption":"Olio Geraci"},"image":{"@id":"https:\/\/www.oliogeraci.it\/de\/#\/schema\/logo\/image\/"},"sameAs":["https:\/\/www.facebook.com\/OlioGeraci\/","https:\/\/www.instagram.com\/oliogeraci\/"]}]}},"_links":{"self":[{"href":"https:\/\/www.oliogeraci.it\/de\/wp-json\/wp\/v2\/product\/6991","targetHints":{"allow":["GET"]}}],"collection":[{"href":"https:\/\/www.oliogeraci.it\/de\/wp-json\/wp\/v2\/product"}],"about":[{"href":"https:\/\/www.oliogeraci.it\/de\/wp-json\/wp\/v2\/types\/product"}],"replies":[{"embeddable":true,"href":"https:\/\/www.oliogeraci.it\/de\/wp-json\/wp\/v2\/comments?post=6991"}],"wp:featuredmedia":[{"embeddable":true,"href":"https:\/\/www.oliogeraci.it\/de\/wp-json\/wp\/v2\/media\/10718"}],"wp:attachment":[{"href":"https:\/\/www.oliogeraci.it\/de\/wp-json\/wp\/v2\/media?parent=6991"}],"wp:term":[{"taxonomy":"product_brand","embeddable":true,"href":"https:\/\/www.oliogeraci.it\/de\/wp-json\/wp\/v2\/product_brand?post=6991"},{"taxonomy":"product_cat","embeddable":true,"href":"https:\/\/www.oliogeraci.it\/de\/wp-json\/wp\/v2\/product_cat?post=6991"},{"taxonomy":"product_tag","embeddable":true,"href":"https:\/\/www.oliogeraci.it\/de\/wp-json\/wp\/v2\/product_tag?post=6991"}],"curies":[{"name":"wp","href":"https:\/\/api.w.org\/{rel}","templated":true}]}}